{"id":290,"date":"2019-10-01T13:00:53","date_gmt":"2019-10-01T11:00:53","guid":{"rendered":"http:\/\/actio-catholica.hu\/?page_id=290"},"modified":"2021-02-10T07:17:44","modified_gmt":"2021-02-10T06:17:44","slug":"adatvedelmi-iranyelvek","status":"publish","type":"page","link":"https:\/\/actio-catholica.hu\/index.php\/adatvedelmi-iranyelvek\/","title":{"rendered":"Adatv\u00e9delmi ir\u00e1nyelvek"},"content":{"rendered":"\r\n<h1 class=\"wp-block-heading\" style=\"text-align: center;\"><span style=\"font-size: 24pt;\">Kik vagyunk?<\/span><\/h1>\r\n\r\n\r\n<p>A weboldalunk c\u00edme: <a href=\"http:\/\/actio-catholica.hu\" target=\"_blank\" rel=\"noopener noreferrer\">http:\/\/actio-catholica.hu<\/a><\/p>\r\n\r\n\r\n<h2 class=\"wp-block-heading\">Melyek azok a szem\u00e9lyes adatok, amiket gy\u0171jt\u00fcnk \u00e9s milyen c\u00e9llal gy\u0171jtj\u00fck ezeket?<\/h2>\r\n<p style=\"text-align: justify;\">Csak olyan szem\u00e9lyes adatot t\u00e1rolunk, melyet a tulajdonosa \u00f6nk\u00e9ntesen, befoly\u00e1st\u00f3l \u00e9s k\u00e9nyszert\u0151l mentesen ad meg. A vonatkoz\u00f3 GDPR-nak megfelel\u0151en t\u00f6r\u00f6lj\u00fck a tulajdonos \u00edr\u00e1sbeli k\u00e9r\u00e9s\u00e9nek megfelel\u0151en, kiv\u00e9ve azt az esetet, ha t\u00f6rv\u00e9nyi k\u00f6telezetts\u00e9g miatt nem tehetj\u00fck.<\/p>\r\n\r\n\r\n<h3 class=\"wp-block-heading\">Hozz\u00e1sz\u00f3l\u00e1sok<\/h3>\r\n\r\n\r\n<p style=\"text-align: justify;\">Hozz\u00e1sz\u00f3l\u00e1s bek\u00fcld\u00e9sekor a hozz\u00e1sz\u00f3l\u00e1si \u0171rlapban megadottakon k\u00edv\u00fcl begy\u0171jt\u00e9sre ker\u00fcl a hozz\u00e1sz\u00f3l\u00f3 IP c\u00edme \u00e9s a b\u00f6ng\u00e9sz\u0151azonos\u00edt\u00f3 karakterl\u00e1nc a k\u00e9retlen tartalmak kisz\u0171r\u00e9se c\u00e9lj\u00e1b\u00f3l.<\/p>\r\n\r\n\r\n<p style=\"text-align: justify;\">Egy szem\u00e9lytelen\u00edtett, az e-mail c\u00edmb\u0151l el\u0151\u00e1ll\u00edtott karakterl\u00e1nc (hashnek szok\u00e1s nevezni) ker\u00fcl tov\u00e1bb\u00edt\u00e1sra a Gravatar szolg\u00e1ltat\u00e1s fel\u00e9, ha ez az oldalon haszn\u00e1latban van. A Gravatar szolg\u00e1ltat\u00e1s felt\u00e9telei az al\u00e1bbi c\u00edmen tekinthet\u0151ek meg: <a href=\"https:\/\/automattic.com\/privacy\/\" target=\"_blank\" rel=\"noopener noreferrer\">https:\/\/automattic.com\/privacy\/<\/a>. A hozz\u00e1sz\u00f3l\u00e1s elfogad\u00e1sa ut\u00e1n, a hozz\u00e1sz\u00f3l\u00e1sunk tartalma \u00e9s a profil k\u00e9p\u00fcnk is megjelenik nyilv\u00e1nosan.<\/p>\r\n\r\n\r\n<h3 class=\"wp-block-heading\">M\u00e9dia<\/h3>\r\n\r\n\r\n<p style=\"text-align: justify;\">Amennyiben regisztr\u00e1lt felhaszn\u00e1l\u00f3 \u00e1ltal ker\u00fcl k\u00e9p felt\u00f6lt\u00e9sre a honlapra, ker\u00fclni kell az az olyan EXIF-eket, amelyekben GPS poz\u00edci\u00f3, vagy egy\u00e9b szem\u00e9lyes adatok szerepelnek. A honlap l\u00e1togat\u00f3i ezeket let\u00f6ltve kinyerhetik a hely- \u00e9s szem\u00e9lyes adatokat a k\u00e9pekb\u0151l.\u00a0<\/p>\r\n\r\n\r\n<h3 class=\"wp-block-heading\">Kapcsolatfelv\u00e9teli \u0171rlapok<\/h3>\r\n<p style=\"text-align: justify;\">A kapcsolatfelv\u00e9teli \u0171rlapokon megadott adatok kezel\u00e9s\u00e9het \u00e9s t\u00e1rol\u00e1s\u00e1hoz a kit\u00f6lt\u00e9ssel \u00e9s bek\u00fcld\u00e9ssel adja hozz\u00e1j\u00e1rul\u00e1s\u00e1t a bek\u00fcld\u0151.<\/p>\r\n\r\n\r\n<h3 class=\"wp-block-heading\">S\u00fctik<\/h3>\r\n\r\n\r\n<p style=\"text-align: justify;\">Ha hozz\u00e1sz\u00f3l\u00e1st adsz a honlapodon, bejelentkezve maradhatsz a megadott neved, e-mail-ed \u00e9s webc\u00edmed elt\u00e1rol\u00e1s\u00e1val egy s\u00fctiben. A t\u00e1rol\u00e1s a te k\u00e9nyelmi c\u00e9lokat szolg\u00e1lja az\u00e9rt, hogy a k\u00f6vetkez\u0151 hozz\u00e1sz\u00f3l\u00e1skor ezeket az adatmez\u0151ket ne kelljen kit\u00f6ltened. Ezeknek a s\u00fctiknek a lej\u00e1rati ideje 1 \u00e9v.<\/p>\r\n\r\n\r\n<p style=\"text-align: justify;\">Ha ell\u00e1togatunk a bejelentkez\u00e9si oldalra, akkor \u00e1tmeneti s\u00fctiket \u00e1ll\u00edtunk be annak \u00e9rdek\u00e9ben, hogy meg\u00e1llap\u00edtsuk, hogy a b\u00f6ng\u00e9sz\u0151 elfogadja-e a s\u00fctiket. Ezek a s\u00fctik nem tartalmaznak szem\u00e9lyes inform\u00e1ci\u00f3t, \u00e9s t\u00f6rl\u0151dnek, ahogy bez\u00e1rjuk a b\u00f6ng\u00e9sz\u0151t.<\/p>\r\n\r\n\r\n<p style=\"text-align: justify;\">A honlapra t\u00f6rt\u00e9n\u0151 bejelentkez\u00e9skor t\u00f6bb s\u00fctit hozunk l\u00e9tre, amely elmenti a bejelentkez\u00e9si inform\u00e1ci\u00f3t \u00e9s a szerkeszt\u0151fel\u00fclet megjelen\u00edt\u00e9si opci\u00f3it. A bejelentkez\u00e9si s\u00fctik k\u00e9t napig \u00e9rv\u00e9nyesek, a szerkeszt\u0151fel\u00fclet megjelen\u00edt\u00e9si opci\u00f3it t\u00e1rol\u00f3 s\u00fcti egy \u00e9vig. Amennyiben az &#8220;Eml\u00e9kezz r\u00e1m&#8221; opci\u00f3t bejel\u00f6lj\u00fck, a bejelentkez\u00e9s k\u00e9t h\u00e9tig folytat\u00f3dik. Kijelentkez\u00e9skor a bejelentkez\u00e9si s\u00fctik elt\u00e1vol\u00edt\u00e1sra ker\u00fclnek.<\/p>\r\n\r\n\r\n<p style=\"text-align: justify;\">Amennyiben bejegyz\u00e9st vagy oldalt szerkeszt\u00fcnk, egy \u00fajabb s\u00fctit t\u00e1rol el a b\u00f6ng\u00e9sz\u0151nk. Ez a s\u00fcti nem tartalmaz szem\u00e9lyes adatot, egyszer\u0171en csak a bejegyz\u00e9s azonos\u00edt\u00f3 sz\u00e1m\u00e1t t\u00e1rolja, amelyet szerkesztett\u00fcnk. Egy nap m\u00falva j\u00e1r le az \u00e9rv\u00e9nyess\u00e9ge.<\/p>\r\n\r\n\r\n<h3 class=\"wp-block-heading\">M\u00e1s honlapokr\u00f3l sz\u00e1rmaz\u00f3 be\u00e1gyazott tartalmak<\/h3>\r\n\r\n\r\n<p style=\"text-align: justify;\">A honlapon el\u00e9rhet\u0151 bejegyz\u00e9sek k\u00fcls\u0151 forr\u00e1sb\u00f3l sz\u00e1rmaz\u00f3 be\u00e1gyazott tartalmakat (pl. vide\u00f3k, k\u00e9pek, cikkek stb.) haszn\u00e1lhatnak. A k\u00fcls\u0151 forr\u00e1sb\u00f3l sz\u00e1rmaz\u00f3 be\u00e1gyazott tartalmak pontosan \u00fagy viselkednek, mintha megl\u00e1togattunk volna egy m\u00e1sik honlapot.<\/p>\r\n\r\n\r\n<p style=\"text-align: justify;\">Ezek a webhelyek lehets\u00e9ges, hogy adatot gy\u0171jtenek a l\u00e1togat\u00f3kr\u00f3l, s\u00fctiket vagy harmadik f\u00e9lt\u0151l sz\u00e1rmaz\u00f3 k\u00f6vet\u0151k\u00f3dot haszn\u00e1lnak (a Facebook biztosan, kiv\u00e9ve ha Firefox 75 vagy magasabb verzi\u00f3t haszn\u00e1l), figyelik a be\u00e1gyazott tartalommal kapcsolatos felhaszn\u00e1l\u00f3i viselked\u00e9st, ha rendelkez\u00fcnk felhaszn\u00e1l\u00f3i fi\u00f3kkal \u00e9s be vagyunk jelentkezve az oldalra.<\/p>\r\n<h1 style=\"text-align: center;\"><span style=\"font-size: 24pt;\">Analitika<\/span><\/h1>\r\n\r\n\r\n<h2 class=\"wp-block-heading\">Kivel osztjuk meg a felhaszn\u00e1l\u00f3i adatokat?<\/h2>\r\n<p>Senkivel nem osztjuk meg az adatokat, hacsak t\u00f6rv\u00e9ny\u00a0nem k\u00f6telez r\u00e1 minket.<\/p>\r\n\r\n\r\n<h2 class=\"wp-block-heading\">Mennyi ideig \u0151rizz\u00fck a szem\u00e9lyes adatot?<\/h2>\r\n\r\n\r\n<p style=\"text-align: justify;\">Ha hozz\u00e1sz\u00f3lunk, a hozz\u00e1sz\u00f3l\u00e1s \u00e9s annak metaadatai nem meghat\u00e1rozhat\u00f3 ideig a rendszerben maradnak. Ennek c\u00e9lja, hogy az \u00f6sszes ezt k\u00f6vet\u0151 b\u00e1rmely hozz\u00e1sz\u00f3l\u00e1s \u00e1ltalunk megismertt\u00e9 \u00e9s j\u00f3v\u00e1hagyott\u00e1 v\u00e1ljon, azaz ne ker\u00fclj\u00f6n fel a moder\u00e1land\u00f3 hozz\u00e1sz\u00f3l\u00e1sok list\u00e1j\u00e1ra.<\/p>\r\n\r\n\r\n<p style=\"text-align: justify;\">A honlapon regisztr\u00e1lt felhaszn\u00e1l\u00f3k (ha vannak ilyenek) szem\u00e9lyes adatai a saj\u00e1t felhaszn\u00e1l\u00f3i profiljukban is t\u00e1rol\u00e1sra ker\u00fclnek. Minden felhaszn\u00e1l\u00f3 megtekintheti, szerkesztheti vagy t\u00f6r\u00f6lheti a szem\u00e9lyes adatait b\u00e1rmikor (kiv\u00e9ve, hogy nem v\u00e1ltoztathatja meg a saj\u00e1t felhaszn\u00e1l\u00f3i nev\u00e9t). A honlap rendszergazd\u00e1i ezen inform\u00e1ci\u00f3kat szint\u00e9n megtekinthetik \u00e9s szerkeszthetik.<\/p>\r\n\r\n\r\n<h2 class=\"wp-block-heading\">Milyen jogokkal rendelkezik a felhaszn\u00e1l\u00f3 a saj\u00e1t adatai kapcs\u00e1n?<\/h2>\r\n\r\n\r\n<p style=\"text-align: justify;\">A weboldalon regisztr\u00e1lt fi\u00f3k vagy hozz\u00e1sz\u00f3l\u00e1s \u00edr\u00e1sa eset\u00e9n k\u00e9rhet\u0151 a szem\u00e9lyes adatok export f\u00e1jlban t\u00f6rt\u00e9n\u0151 megk\u00fcld\u00e9se, amely b\u00e1rmilyen adatot tartalmaz, amit kor\u00e1bban a felhaszn\u00e1l\u00f3 rendelkez\u00e9s\u00fcnkre bocs\u00e1tott. K\u00e9rhet\u0151 tov\u00e1bb\u00e1, hogy b\u00e1rmilyen kor\u00e1bban megadott szem\u00e9lyes adatot t\u00f6r\u00f6lj\u00fck. Ez nem vonatkozik azokra az adatokra, amelyeket adminisztr\u00e1ci\u00f3s, jogi vagy biztons\u00e1gi okokb\u00f3l k\u00f6telez\u0151 meg\u0151rizn\u00fcnk.\u00a0Ugyancsak nem vonatkozik a hozz\u00e1sz\u00f3l\u00e1sokra, bek\u00fcld\u00f6tt \u00edr\u00e1sokra, cikkekre, melyet ut\u00f3lagosan nem t\u00f6r\u00f6l\u00fcnk. A Google \u00e9s m\u00e1s keres\u0151k \u00e1ltal T\u00c1ROLT oldalk\u00e9pek hat\u00e1sk\u00f6r\u00fcnk\u00f6n k\u00edv\u00fcl esnek, ilyen k\u00e9r\u00e9sekkel nem foglalkozunk.<\/p>\r\n\r\n\r\n<h2 class=\"wp-block-heading\">Hov\u00e1 tov\u00e1bb\u00edtjuk az adatokat?<\/h2>\r\n\r\n\r\n<p style=\"text-align: justify;\">A l\u00e1togat\u00f3k \u00e1ltal bek\u00fcld\u00f6tt hozz\u00e1sz\u00f3l\u00e1sokat automatikus SPAM sz\u0171r\u0151 szolg\u00e1ltat\u00e1s ellen\u0151rizheti.<\/p>\r\n\r\n\r\n<h1 class=\"wp-block-heading\" style=\"text-align: center;\"><span style=\"font-size: 24pt;\">Kapcsolati adatok<\/span><\/h1>\r\n<p style=\"text-align: center;\"><strong><a href=\"https:\/\/actio-catholica.hu\/index.php\/impresszum\/\" target=\"_blank\" rel=\"noopener\">ITT<\/a><\/strong> tal\u00e1lhat\u00f3ak.<\/p>\r\n\r\n\r\n<h1 class=\"wp-block-heading\" style=\"text-align: center;\"><span style=\"font-size: 24pt;\">Tov\u00e1bbi inform\u00e1ci\u00f3k<\/span><\/h1>\r\n\r\n\r\n<h3 class=\"wp-block-heading\">Hogyan v\u00e9dj\u00fck a felhaszn\u00e1l\u00f3i szem\u00e9lyes adatokat?<\/h3>\r\n<p style=\"text-align: justify;\">Rendszer\u00fcnk teljess\u00e9g\u00e9hez csak az adminisztr\u00e1torok f\u00e9rhetnek hozz\u00e1, \u00edgy az \u00e1ltalunk t\u00e1rolt adatok teljess\u00e9g\u00e9t csak \u0151k l\u00e1thatj\u00e1k. Jelenleg csak a kurat\u00f3rium n\u00e9h\u00e1ny tagj\u00e1nak van ilyen jogosults\u00e1ga, viszont \u0151ket titoktart\u00e1si k\u00f6telezetts\u00e9g terheli.<\/p>\r\n\r\n\r\n<h3 class=\"wp-block-heading\">\u00c9rv\u00e9nyben l\u00e9v\u0151 elj\u00e1r\u00e1sok adatkezel\u00e9si s\u00e9relmek eset\u00e9n<\/h3>\r\n<p style=\"text-align: justify;\">Abban az esetben, ha valaki azt \u00e9szleli, vagy \u00fagy gondolja, hogy olyan szem\u00e9lyes adata van nyilv\u00e1ntartva, amihez \u0151 kifejezett hozz\u00e1j\u00e1rul\u00e1s\u00e1t nem adta, akkor a fenti Email c\u00edmen egy elektronikusan al\u00e1\u00edrt dokumentum (jellemz\u0151en PDF) csatol\u00e1s\u00e1val k\u00e9rheti a t\u00f6rl\u00e9s\u00e9t, amennyiben k\u00e9ts\u00e9get kiz\u00e1r\u00f3an bizony\u00edtani tudja, hogy az \u00e1ltala hivatkozott szem\u00e9lyes adat az \u0151 tulajdon\u00e1t k\u00e9pezi.<\/p>\r\n<p style=\"text-align: justify;\">Ehhez csatolnia kell a szem\u00e9lyes adat tulajdonl\u00e1s\u00e1nak k\u00e9ts\u00e9get kiz\u00e1r\u00f3 bizony\u00edt\u00e9k\u00e1t, az ig\u00e9nyl\u0151 nev\u00e9t \u00e9s el\u00e9rhet\u0151s\u00e9g\u00e9t (email, telefonsz\u00e1m). Ezek hi\u00e1ny\u00e1ban nem foglalkozunk a k\u00e9r\u00e9ssel. Megfelel\u0151 bizony\u00edt\u00e9k(ok) eset\u00e9n, amennyiben nincs egy\u00e9b meg\u0151rz\u00e9si t\u00f6rv\u00e9nyi k\u00f6telezetts\u00e9g\u00fcnk, \u00fagy 10 napon bel\u00fcl \u00e9rdemben int\u00e9zked\u00fcnk.<\/p>\r\n\r\n\r\n<h3 class=\"wp-block-heading\">Milyen harmadik f\u00e9lt\u0151l sz\u00e1rmaz\u00f3 adatokat kapunk?<\/h3>\r\n<p>Proviz\u00f3rikusan nem kapunk, nem t\u00e1rolunk \u00e9s nem dolgozunk fel harmadik f\u00e9lt\u0151l szem\u00e9lyes adatokat. Amennyiben ez v\u00e1ltozna, \u00fagy ez a pont is b\u0151v\u00fclni fog.<\/p>\r\n\r\n\r\n<h3 class=\"wp-block-heading\">Milyen automatiz\u00e1lt d\u00f6nt\u00e9shozatalt \u00e9s\/vagy profilalkot\u00e1st v\u00e9gz\u00fcnk a felhaszn\u00e1l\u00f3i adatokkal?<\/h3>\r\n<p>Semmilyen automatiz\u00e1lt d\u00f6nt\u00e9shozatalt \u00e9s\/vagy profilalkot\u00e1st nem v\u00e9gz\u00fcnk a felhaszn\u00e1l\u00f3i adatok alkalmaz\u00e1s\u00e1val.<\/p>\r\n\r\n\r\n<h2 class=\"wp-block-heading\" style=\"text-align: right;\">Pro Missa Tridentina Alap\u00edtv\u00e1ny<\/h2>\r\n","protected":false},"excerpt":{"rendered":"<p>Kik vagyunk? A weboldalunk c\u00edme: http:\/\/actio-catholica.hu Melyek azok a szem\u00e9lyes adatok, amiket gy\u0171jt\u00fcnk \u00e9s milyen c\u00e9llal gy\u0171jtj\u00fck ezeket? Csak olyan szem\u00e9lyes adatot t\u00e1rolunk, melyet a tulajdonosa \u00f6nk\u00e9ntesen, befoly\u00e1st\u00f3l \u00e9s k\u00e9nyszert\u0151l mentesen ad meg. A vonatkoz\u00f3 GDPR-nak megfelel\u0151en t\u00f6r\u00f6lj\u00fck a tulajdonos \u00edr\u00e1sbeli k\u00e9r\u00e9s\u00e9nek megfelel\u0151en, kiv\u00e9ve azt az esetet, ha t\u00f6rv\u00e9nyi k\u00f6telezetts\u00e9g miatt nem tehetj\u00fck. Hozz\u00e1sz\u00f3l\u00e1sok Hozz\u00e1sz\u00f3l\u00e1s [&hellip;]<\/p>\n","protected":false},"author":2,"featured_media":784,"parent":0,"menu_order":0,"comment_status":"closed","ping_status":"closed","template":"","meta":{"h5ap_radio_sources":[],"footnotes":""},"class_list":["post-290","page","type-page","status-publish","has-post-thumbnail","hentry"],"_links":{"self":[{"href":"https:\/\/actio-catholica.hu\/index.php\/wp-json\/wp\/v2\/pages\/290","targetHints":{"allow":["GET"]}}],"collection":[{"href":"https:\/\/actio-catholica.hu\/index.php\/wp-json\/wp\/v2\/pages"}],"about":[{"href":"https:\/\/actio-catholica.hu\/index.php\/wp-json\/wp\/v2\/types\/page"}],"author":[{"embeddable":true,"href":"https:\/\/actio-catholica.hu\/index.php\/wp-json\/wp\/v2\/users\/2"}],"replies":[{"embeddable":true,"href":"https:\/\/actio-catholica.hu\/index.php\/wp-json\/wp\/v2\/comments?post=290"}],"version-history":[{"count":5,"href":"https:\/\/actio-catholica.hu\/index.php\/wp-json\/wp\/v2\/pages\/290\/revisions"}],"predecessor-version":[{"id":2431,"href":"https:\/\/actio-catholica.hu\/index.php\/wp-json\/wp\/v2\/pages\/290\/revisions\/2431"}],"wp:featuredmedia":[{"embeddable":true,"href":"https:\/\/actio-catholica.hu\/index.php\/wp-json\/wp\/v2\/media\/784"}],"wp:attachment":[{"href":"https:\/\/actio-catholica.hu\/index.php\/wp-json\/wp\/v2\/media?parent=290"}],"curies":[{"name":"wp","href":"https:\/\/api.w.org\/{rel}","templated":true}]}}